{"id":5891,"date":"2026-02-11T13:03:02","date_gmt":"2026-02-11T13:03:02","guid":{"rendered":"http:\/\/tapisrideauxcamion.local\/?post_type=product&#038;p=5891"},"modified":"2026-04-25T11:21:36","modified_gmt":"2026-04-25T11:21:36","slug":"rideaux-camion-en-alcantara-sur-mesure-camion-cabine-rideaux-lateraux-et-frange-pare-brise","status":"publish","type":"product","link":"https:\/\/tapisrideauxcamions.fr\/ro\/product\/rideaux-camion-en-alcantara-sur-mesure-camion-cabine-rideaux-lateraux-et-frange-pare-brise\/","title":{"rendered":"Pachet perdea lateral\u0103 + franjuri parbriz"},"content":{"rendered":"<p>Optimizeaz\u0103 amenajarea postului t\u0103u de conducere cu setul nostru de perdele profesionale. Conceput pentru a r\u0103spunde cerin\u021belor de confort \u0219i estetic\u0103 ale \u0219oferilor de curs\u0103 lung\u0103, acest pachet combin\u0103 izolarea excelent\u0103 a luminii cu posibilit\u0103\u021bi unice de personalizare.<br \/>\nPunctele forte ale gamei noastre:<br \/>\n\u200b<strong>Opacitate de \u00eenalt\u0103 densitate<\/strong> Realizate din Alcantara premium groas\u0103, perdelele noastre blocheaz\u0103 eficient lumina exterioar\u0103. Beneficiezi de izola\u021bie termic\u0103 \u0219i vizual\u0103 total\u0103 pentru un somn de calitate, indiferent de condi\u021biile de lumin\u0103.<br \/>\n\u200b<strong>Personalizare complet\u0103<\/strong> : Camionul t\u0103u este semn\u0103tura ta. \u00ce\u021bi oferim libertatea de a configura culorile perdelelor \u0219i ale ciucurilor pentru o armonie perfect\u0103 cu interiorul cabinei.<br \/>\n<strong>Finisaj robust<\/strong> : Material flexibil, rezistent la uzur\u0103 \u0219i la raze UV, care ofer\u0103 o c\u0103dere elegant\u0103 \u0219i un aspect luxos de durat\u0103.<br \/>\n<strong>Specifica\u021bii tehnice<\/strong> :<br \/>\n\u200b<em><strong>Componen\u021ba pachetului<\/strong><\/em> 2 perdele laterale (\u0219ofer \u0219i pasager) + 1 franjuri pentru parbriz asortate<br \/>\nMaterial: Alcantara (opacitate ridicat\u0103, textur\u0103 catifelat\u0103).<br \/>\nCompatibilitate: Design realizat pe m\u0103sura tuturor modelelor de cabine (Scania, Volvo, DAF, Ford, Mercedes, Renault, MAN, Iveco).<\/p>\n<p><strong>Accesorii incluse<\/strong> : C\u00e2rligele de fixare sunt incluse \u00een pachet.<br \/>\n\u200b<strong>Note<\/strong> : De\u0219i sunt incluse, c\u00e2rligele nu sunt universale \u0219i este posibil s\u0103 nu se potriveasc\u0103 tuturor tipurilor de \u0219ine de la anumite m\u0103rci de camioane.<\/p>","protected":false},"excerpt":{"rendered":"<p>Optimisez l&#8217;am\u00e9nagement de votre poste de conduite avec notre ensemble de rideaux professionnels. Con\u00e7u pour r\u00e9pondre aux exigences de confort et d&#8217;esth\u00e9tique des chauffeurs longue distance, ce pack combine une<\/p>","protected":false},"featured_media":6684,"comment_status":"open","ping_status":"closed","template":"","meta":[],"product_brand":[],"product_cat":[230],"product_tag":[],"class_list":{"0":"post-5891","1":"product","2":"type-product","3":"status-publish","4":"has-post-thumbnail","6":"product_cat-rideaux-de-cabine-camion-sur-mesure-en-alcantara","7":"pa_personnalisation-frais-suppl-non","8":"pa_personnalisation-frais-suppl-oui","10":"first","11":"instock","12":"shipping-taxable","13":"purchasable","14":"product-type-variable"},"_links":{"self":[{"href":"https:\/\/tapisrideauxcamions.fr\/ro\/wp-json\/wp\/v2\/product\/5891","targetHints":{"allow":["GET"]}}],"collection":[{"href":"https:\/\/tapisrideauxcamions.fr\/ro\/wp-json\/wp\/v2\/product"}],"about":[{"href":"https:\/\/tapisrideauxcamions.fr\/ro\/wp-json\/wp\/v2\/types\/product"}],"replies":[{"embeddable":true,"href":"https:\/\/tapisrideauxcamions.fr\/ro\/wp-json\/wp\/v2\/comments?post=5891"}],"wp:featuredmedia":[{"embeddable":true,"href":"https:\/\/tapisrideauxcamions.fr\/ro\/wp-json\/wp\/v2\/media\/6684"}],"wp:attachment":[{"href":"https:\/\/tapisrideauxcamions.fr\/ro\/wp-json\/wp\/v2\/media?parent=5891"}],"wp:term":[{"taxonomy":"product_brand","embeddable":true,"href":"https:\/\/tapisrideauxcamions.fr\/ro\/wp-json\/wp\/v2\/product_brand?post=5891"},{"taxonomy":"product_cat","embeddable":true,"href":"https:\/\/tapisrideauxcamions.fr\/ro\/wp-json\/wp\/v2\/product_cat?post=5891"},{"taxonomy":"product_tag","embeddable":true,"href":"https:\/\/tapisrideauxcamions.fr\/ro\/wp-json\/wp\/v2\/product_tag?post=5891"}],"curies":[{"name":"wp","href":"https:\/\/api.w.org\/{rel}","templated":true}]}}