{"id":5120,"date":"2019-07-11T12:31:12","date_gmt":"2019-07-11T12:31:12","guid":{"rendered":"https:\/\/demo.madrasthemes.com\/electro-elementor\/?page_id=5120"},"modified":"2026-04-26T16:53:15","modified_gmt":"2026-04-26T16:53:15","slug":"home","status":"publish","type":"page","link":"https:\/\/tapisrideauxcamions.fr\/ro\/","title":{"rendered":"Tapis, housses et Rideaux Camion Sur Mesure | TapisRideauxCamion"},"content":{"rendered":"\t\t<div data-elementor-type=\"wp-post\" data-elementor-id=\"5120\" class=\"elementor elementor-5120\">\n\t\t\t\t\t\t<div class=\"elementor-section elementor-top-section elementor-element elementor-element-926a969 elementor-section-full_width elementor-section-height-default elementor-section-height-default\" data-id=\"926a969\" data-element_type=\"section\" data-e-type=\"section\">\n\t\t\t\t\t\t<div class=\"elementor-container elementor-column-gap-no gx-0\">\n\t\t\t\t\t<div class=\"elementor-column elementor-col-100 elementor-top-column elementor-element elementor-element-495ec36\" data-id=\"495ec36\" data-element_type=\"column\" data-e-type=\"column\">\n\t\t\t<div class=\"elementor-widget-wrap elementor-element-populated\">\n\t\t\t\t\t\t<div class=\"elementor-element elementor-element-2fae1fe elementor-widget__width-inherit elementor-widget elementor-widget-wp-widget-rev-slider-widget\" data-id=\"2fae1fe\" data-element_type=\"widget\" data-e-type=\"widget\" data-widget_type=\"wp-widget-rev-slider-widget.default\">\n\t\t\t\t<div class=\"elementor-widget-container\">\n\t\t\t\t\t\n\t\t\t\t<p class=\"rs-p-wp-fix\"><\/p>\n\t\t\t\t<sr7-module data-alias=\"home-v2-slider\" data-id=\"2\" id=\"SR7_2_1\" class=\"rs-ov-hidden\" data-version=\"6.7.40\">\n\t\t\t\t\t<sr7-adjuster><\/sr7-adjuster>\n\t\t\t\t\t<sr7-content>\n\t\t\t\t\t\t<sr7-slide id=\"SR7_2_1-35\" data-key=\"35\">\n\t\t\t\t\t\t\t<sr7-txt id=\"SR7_2_1-35-3\" class=\"sr7-layer\">Transformez votre cabine en espace de confort\n<\/sr7-txt>\n\t\t\t\t\t\t\t<sr7-txt id=\"SR7_2_1-35-5\" class=\"sr7-layer\">Configurer ma cabine<\/sr7-txt>\n\t\t\t\t\t\t\t<sr7-txt id=\"SR7_2_1-35-6\" class=\"sr7-layer\">Rideaux, housses et accessoires con\u00e7us pour votre quotidien sur la route.<\/sr7-txt>\n\t\t\t\t\t\t<\/sr7-slide>\n\t\t\t\t\t\t<sr7-slide id=\"SR7_2_1-42\" data-key=\"42\">\n\t\t\t\t\t\t\t<sr7-txt id=\"SR7_2_1-42-3\" class=\"sr7-layer\">Vos r\u00e9alisations en images : le confort et le style sign\u00e9s Tapisrideauxcamion<\/sr7-txt>\n\t\t\t\t\t\t\t<sr7-txt id=\"SR7_2_1-42-5\" class=\"sr7-layer\">Voir la galerie<\/sr7-txt>\n\t\t\t\t\t\t\t<sr7-txt id=\"SR7_2_1-42-6\" class=\"sr7-layer\">D\u00e9couvrez les am\u00e9nagements r\u00e9alis\u00e9s pour nos clients.<\/sr7-txt>\n\t\t\t\t\t\t<\/sr7-slide>\n\t\t\t\t\t\t<sr7-slide id=\"SR7_2_1-43\" data-key=\"43\">\n\t\t\t\t\t\t\t<sr7-txt id=\"SR7_2_1-43-3\" class=\"sr7-layer\">Commande simple et transparente<\/sr7-txt>\n\t\t\t\t\t\t\t<sr7-txt id=\"SR7_2_1-43-5\" class=\"sr7-layer\">Comment commander<\/sr7-txt>\n\t\t\t\t\t\t\t<sr7-txt id=\"SR7_2_1-43-6\" class=\"sr7-layer\">Confirmation, photos avant exp\u00e9dition et suivi \u00e0 chaque \u00e9tape.<\/sr7-txt>\n\t\t\t\t\t\t<\/sr7-slide>\n\t\t\t\t\t\t<sr7-slide id=\"SR7_2_1-22\" data-key=\"22\">\n\t\t\t\t\t\t<\/sr7-slide>\n\t\t\t\t\t<\/sr7-content>\n\t\t\t\t\t<image_lists style=\"display:none\">\n\t\t\t\t\t\t<img data-src=\"\/\/tapisrideauxcamions.fr\/wp-content\/uploads\/2026\/02\/before-and-after-equipment.jpeg\" data-libid=\"6261\" data-lib=\"medialibrary\" title=\"before and after equipment\" width=\"0\" height=\"0\" data-dbsrc=\"Ly90YXBpc3JpZGVhdXhjYW1pb25zLmZyL3dwLWNvbnRlbnQvdXBsb2Fkcy8yMDI2LzAyL2JlZm9yZS1hbmQtYWZ0ZXItZXF1aXBtZW50LmpwZWc=\"\/>\n\t\t\t\t\t\t<img data-src=\"\/\/tapisrideauxcamions.fr\/wp-content\/uploads\/2026\/02\/full-cabin-equipment.jpeg\" data-libid=\"6262\" data-lib=\"medialibrary\" title=\"full cabin equipment\" width=\"0\" height=\"0\" data-dbsrc=\"Ly90YXBpc3JpZGVhdXhjYW1pb25zLmZyL3dwLWNvbnRlbnQvdXBsb2Fkcy8yMDI2LzAyL2Z1bGwtY2FiaW4tZXF1aXBtZW50LmpwZWc=\"\/>\n\t\t\t\t\t\t<img data-src=\"\/\/tapisrideauxcamions.fr\/wp-content\/uploads\/2026\/02\/work-in-progress.jpeg\" data-libid=\"6264\" data-lib=\"medialibrary\" title=\"work in progress\" width=\"0\" height=\"0\" data-dbsrc=\"Ly90YXBpc3JpZGVhdXhjYW1pb25zLmZyL3dwLWNvbnRlbnQvdXBsb2Fkcy8yMDI2LzAyL3dvcmstaW4tcHJvZ3Jlc3MuanBlZw==\"\/>\n\t\t\t\t\t<\/image_lists>\n\t\t\t\t<\/sr7-module>\n\t\t\t\t<script>\n\t\t\t\t\tSR7.PMH ??={}; SR7.PMH[\"SR7_2_1\"] = {cn:100,state:false,fn: function() { if (_tpt!==undefined && _tpt.prepareModuleHeight !== undefined) {  _tpt.prepareModuleHeight({id:\"SR7_2_1\",el:[438,438,456,370,320],type:'standard',shdw:'0',gh:[438,438,456,370,320],gw:[1170,1170,1024,778,680],vpt:['-100px&#039;,&#039;-100px&#039;,&#039;-100px&#039;,&#039;-100px&#039;,&#039;-100px'],size:{fullWidth:true, fullHeight:false},mh:'0',onh:0,onw:0,bg:{color:'{\"orig\":\"transparent\",\"type\":\"solid\",\"string\":\"transparent\"}'},plType:'0',plColor:'#FFFFFF'});   SR7.PMH[\"SR7_2_1\"].state=true;} else if(SR7.PMH[\"SR7_2_1\"].cn-->0)\tsetTimeout( SR7.PMH[\"SR7_2_1\"].fn,19);}};SR7.PMH[\"SR7_2_1\" ].fn();\n\t\t\t\t<\/script>\n\t\t\t\t<\/div>\n\t\t\t\t<\/div>\n\t\t\t\t\t<\/div>\n\t\t<\/div>\n\t\t\t\t\t<\/div>\n\t\t<\/div>\n\t\t<div class=\"elementor-element elementor-element-9955052 e-grid e-con-boxed e-con e-parent\" data-id=\"9955052\" data-element_type=\"container\" data-e-type=\"container\">\n\t\t\t\t\t<div class=\"e-con-inner\">\n\t\t\t\t<div class=\"elementor-element elementor-element-ddacbcc elementor-widget elementor-widget-image\" data-id=\"ddacbcc\" data-element_type=\"widget\" data-e-type=\"widget\" data-widget_type=\"image.default\">\n\t\t\t\t\t\t\t\t\t\t\t\t\t\t\t<img loading=\"lazy\" decoding=\"async\" width=\"150\" height=\"150\" src=\"https:\/\/tapisrideauxcamions.fr\/wp-content\/uploads\/2026\/02\/logo-300x300-1-150x150.png\" class=\"attachment-thumbnail size-thumbnail wp-image-5939\" alt=\"\" srcset=\"https:\/\/tapisrideauxcamions.fr\/wp-content\/uploads\/2026\/02\/logo-300x300-1-150x150.png 150w, https:\/\/tapisrideauxcamions.fr\/wp-content\/uploads\/2026\/02\/logo-300x300-1-12x12.png 12w, https:\/\/tapisrideauxcamions.fr\/wp-content\/uploads\/2026\/02\/logo-300x300-1-100x100.png 100w, https:\/\/tapisrideauxcamions.fr\/wp-content\/uploads\/2026\/02\/logo-300x300-1.png 300w\" sizes=\"(max-width: 150px) 100vw, 150px\" \/>\t\t\t\t\t\t\t\t\t\t\t\t\t\t\t<\/div>\n\t\t<div class=\"elementor-element elementor-element-d92b9fd e-grid e-con-full e-con e-child\" data-id=\"d92b9fd\" data-element_type=\"container\" data-e-type=\"container\">\n\t\t\t\t<div class=\"elementor-element elementor-element-2dc6151 elementor-widget elementor-widget-heading\" data-id=\"2dc6151\" data-element_type=\"widget\" data-e-type=\"widget\" data-widget_type=\"heading.default\">\n\t\t\t\t\t<h1 class=\"elementor-heading-title elementor-size-default\">Sp\u00e9cialiste de l'Int\u00e9rieur Camion : Tapis , Housses en Similicuir et Rideaux en Alcantara sur Mesure<\/h1>\t\t\t\t<\/div>\n\t\t\t\t<div class=\"elementor-element elementor-element-d2966ed elementor-widget elementor-widget-text-editor\" data-id=\"d2966ed\" data-element_type=\"widget\" data-e-type=\"widget\" data-widget_type=\"text-editor.default\">\n\t\t\t\t\t\t\t\t\t<h2>Votre projet, notre priorit\u00e9.<\/h2><p>Habillez votre cabine avec \u00e9l\u00e9gance et confort. Nos produits sur mesure sont compatibles avec toutes les marques de camions : Scania, Volvo, DAF, Mercedes-Benz, MAN, Renault Trucks, Iveco et Ford Trucks.<\/p><p>Profitez d&#8217;une qualit\u00e9 artisanale, d&#8217;une fabrication personnalis\u00e9e et d&#8217;une livraison partout en France. Configurez votre int\u00e9rieur d\u00e8s maintenant !Nos accessoires sont compatibles avec : Scania R\/S, Volvo FH\/AERO, DAF XF\/XG\/CF, Mercedes Actros, MAN TGX\/TGS, Renault T\/K\/C, Iveco S-Way\/Stralis, Ford F-Max.<\/p><p>Chaque commande est v\u00e9rifi\u00e9e avec vous avant production. La fabrication commence uniquement apr\u00e8s votre validation et le paiement d\u2019un acompte de 50%. Sans paiement direct sur le site, nous privil\u00e9gions la qualit\u00e9 et la transparence.<\/p>\t\t\t\t\t\t\t\t<\/div>\n\t\t\t\t<\/div>\n\t\t\t\t\t<\/div>\n\t\t\t\t<\/div>\n\t\t<div class=\"elementor-element elementor-element-869a242 e-flex e-con-boxed e-con e-parent\" data-id=\"869a242\" data-element_type=\"container\" data-e-type=\"container\">\n\t\t\t\t\t<div class=\"e-con-inner\">\n\t\t\t\t<div class=\"elementor-element elementor-element-e009832 elementor-widget elementor-widget-spacer\" data-id=\"e009832\" data-element_type=\"widget\" data-e-type=\"widget\" data-widget_type=\"spacer.default\">\n\t\t\t\t\t\t\t<div class=\"elementor-spacer\">\n\t\t\t<div class=\"elementor-spacer-inner\"><\/div>\n\t\t<\/div>\n\t\t\t\t\t\t<\/div>\n\t\t\t\t\t<\/div>\n\t\t\t\t<\/div>\n\t\t<div class=\"elementor-element elementor-element-ca0fc63 e-grid e-con-full e-con e-parent\" data-id=\"ca0fc63\" data-element_type=\"container\" data-e-type=\"container\">\n\t\t\t\t<div class=\"elementor-element elementor-element-a5639bb elementor-widget elementor-widget-text-editor\" data-id=\"a5639bb\" data-element_type=\"widget\" data-e-type=\"widget\" data-widget_type=\"text-editor.default\">\n\t\t\t\t\t\t\t\t\t<h2 data-start=\"1867\" data-end=\"1914\">Plus qu\u2019une cabine, un espace \u00e0 vous<\/h2><p data-start=\"1916\" data-end=\"2048\">Apr\u00e8s une longue journ\u00e9e de route, votre cabine devient votre refuge.<br \/>Nous cr\u00e9ons des am\u00e9nagements qui apportent confort, intimit\u00e9 et style \u00e0 votre quotidien.<\/p>\t\t\t\t\t\t\t\t<\/div>\n\t\t\t\t<div class=\"elementor-element elementor-element-e9c6852 elementor-widget elementor-widget-video\" data-id=\"e9c6852\" data-element_type=\"widget\" data-e-type=\"widget\" data-settings=\"{&quot;video_type&quot;:&quot;hosted&quot;,&quot;controls&quot;:&quot;yes&quot;}\" data-widget_type=\"video.default\">\n\t\t\t\t\t\t\t<div class=\"e-hosted-video elementor-wrapper elementor-open-inline\">\n\t\t\t\t\t<video class=\"elementor-video\" src=\"https:\/\/tapisrideauxcamions.fr\/wp-content\/uploads\/2026\/02\/video-home-page.mp4\" controls=\"\" preload=\"metadata\" controlsList=\"nodownload\"><\/video>\n\t\t\t\t<\/div>\n\t\t\t\t\t\t<\/div>\n\t\t\t\t<\/div>\n\t\t<div class=\"elementor-element elementor-element-3b34618 e-flex e-con-boxed e-con e-parent\" data-id=\"3b34618\" data-element_type=\"container\" data-e-type=\"container\">\n\t\t\t\t\t<div class=\"e-con-inner\">\n\t\t\t\t<div class=\"elementor-element elementor-element-20346ec elementor-widget elementor-widget-spacer\" data-id=\"20346ec\" data-element_type=\"widget\" data-e-type=\"widget\" data-widget_type=\"spacer.default\">\n\t\t\t\t\t\t\t<div class=\"elementor-spacer\">\n\t\t\t<div class=\"elementor-spacer-inner\"><\/div>\n\t\t<\/div>\n\t\t\t\t\t\t<\/div>\n\t\t\t\t\t<\/div>\n\t\t\t\t<\/div>\n\t\t<div class=\"elementor-element elementor-element-8949e67 e-con-full e-flex e-con e-parent\" data-id=\"8949e67\" data-element_type=\"container\" data-e-type=\"container\">\n\t\t\t\t<div class=\"elementor-element elementor-element-656a693 elementor-widget elementor-widget-heading\" data-id=\"656a693\" data-element_type=\"widget\" data-e-type=\"widget\" data-widget_type=\"heading.default\">\n\t\t\t\t\t<h1 class=\"elementor-heading-title elementor-size-default\">Produits en stock<\/h1>\t\t\t\t<\/div>\n\t\t\t\t<\/div>\n\t\t<div class=\"elementor-element elementor-element-7f94a1c e-flex e-con-boxed e-con e-parent\" data-id=\"7f94a1c\" data-element_type=\"container\" data-e-type=\"container\">\n\t\t\t\t\t<div class=\"e-con-inner\">\n\t\t\t\t<div class=\"elementor-element elementor-element-4b4cb01 elementor-widget elementor-widget-shortcode\" data-id=\"4b4cb01\" data-element_type=\"widget\" data-e-type=\"widget\" data-widget_type=\"shortcode.default\">\n\t\t\t\t\t\t\t<div class=\"elementor-shortcode\"><div class=\"woocommerce columns-4 \"><ul data-view=\"grid\" data-bs-toggle=\"regular-products\" class=\"products products list-unstyled row g-0 row-cols-2 row-cols-md-3 row-cols-lg-4 row-cols-xl-4 row-cols-xxl-5\"><li class=\"product type-product post-5869 status-publish first instock product_cat-produits-disponibles product_cat-rideaux-de-cabine-camion-sur-mesure-en-alcantara has-post-thumbnail sale shipping-taxable purchasable product-type-simple\">\n\t<div class=\"product-outer product-item__outer\"><div class=\"product-inner product-item__inner\"><div class=\"product-loop-header product-item__header\"><span class=\"loop-product-categories\"><a href=\"https:\/\/tapisrideauxcamions.fr\/ro\/product-category\/produits-disponibles\/\" rel=\"tag\">Produits en stock<\/a>, <a href=\"https:\/\/tapisrideauxcamions.fr\/ro\/product-category\/rideaux-de-cabine-camion-sur-mesure-en-alcantara\/\" rel=\"tag\">Rideaux de cabine camion sur mesure en alcantara<\/a><\/span><a href=\"https:\/\/tapisrideauxcamions.fr\/ro\/product\/rideaux-lateraux-en-alcantara-sur-mesure-camion-cabine-crem\/\" class=\"woocommerce-LoopProduct-link woocommerce-loop-product__link\"><h2 class=\"woocommerce-loop-product__title\">Rideaux lat\u00e9raux &#8211;  Ensemble conducteur plus passager<\/h2><div class=\"product-thumbnail product-item__thumbnail\"><img loading=\"lazy\" decoding=\"async\" width=\"300\" height=\"300\" src=\"https:\/\/tapisrideauxcamions.fr\/wp-content\/uploads\/2026\/02\/Rideaux-lateraux-creme-300x300.jpg?v=1771250313\" class=\"attachment-woocommerce_thumbnail size-woocommerce_thumbnail\" alt=\"Rideaux lat\u00e9raux -  Ensemble conducteur plus passager\" srcset=\"https:\/\/tapisrideauxcamions.fr\/wp-content\/uploads\/2026\/02\/Rideaux-lateraux-creme-300x300.jpg?v=1771250313 300w, https:\/\/tapisrideauxcamions.fr\/wp-content\/uploads\/2026\/02\/Rideaux-lateraux-creme-150x150.jpg?v=1771250313 150w, https:\/\/tapisrideauxcamions.fr\/wp-content\/uploads\/2026\/02\/Rideaux-lateraux-creme-100x100.jpg?v=1771250313 100w\" sizes=\"(max-width: 300px) 100vw, 300px\" \/><\/div><\/a><\/div><!-- \/.product-loop-header --><div class=\"product-loop-body product-item__body\"><span class=\"loop-product-categories\"><a href=\"https:\/\/tapisrideauxcamions.fr\/ro\/product-category\/produits-disponibles\/\" rel=\"tag\">Produits en stock<\/a>, <a href=\"https:\/\/tapisrideauxcamions.fr\/ro\/product-category\/rideaux-de-cabine-camion-sur-mesure-en-alcantara\/\" rel=\"tag\">Rideaux de cabine camion sur mesure en alcantara<\/a><\/span><a href=\"https:\/\/tapisrideauxcamions.fr\/ro\/product\/rideaux-lateraux-en-alcantara-sur-mesure-camion-cabine-crem\/\" class=\"woocommerce-LoopProduct-link woocommerce-loop-product__link\"><h2 class=\"woocommerce-loop-product__title\">Rideaux lat\u00e9raux &#8211;  Ensemble conducteur plus passager<\/h2>\t\t<div class=\"product-rating\">\n\t\t\t<div class=\"star-rating\" title=\"Rated 0 out of 5\"><span style=\"width:0%\"><strong class=\"rating\">0<\/strong> out of 5<\/span><\/div> (0)\n\t\t<\/div>\n\t\t\t\t<div class=\"product-sku\">SKU: n\/a<\/div><\/a><\/div><!-- \/.product-loop-body --><div class=\"product-loop-footer product-item__footer\"><div class=\"price-add-to-cart\">\n\t<span class=\"price\"><span class=\"electro-price\"><ins><span class=\"woocommerce-Price-amount amount\"><bdi>100,00&nbsp;<span class=\"woocommerce-Price-currencySymbol\">&euro;<\/span><\/bdi><\/span><\/ins> <del><span class=\"woocommerce-Price-amount amount\"><bdi>120,00&nbsp;<span class=\"woocommerce-Price-currencySymbol\">&euro;<\/span><\/bdi><\/span><\/del><\/span><\/span>\n<div class=\"add-to-cart-wrap show-in-mobile\" data-bs-toggle=\"tooltip\" data-bs-title=\"Adaug\u0103 \u00een co\u0219\"><a href=\"\/ro\/wp-json\/wp\/v2\/pages\/5120?add-to-cart=5869\" aria-describedby=\"woocommerce_loop_add_to_cart_link_describedby_5869\" data-quantity=\"1\" class=\"button product_type_simple add_to_cart_button ajax_add_to_cart\" data-product_id=\"5869\" data-product_sku=\"\" aria-label=\"Adaug\u0103 \u00een co\u0219: &amp;lbquo;Rideaux lat\u00e9raux -  Ensemble conducteur plus passager&rdquo;\" rel=\"nofollow\" data-success_message=\"&bdquo;Rideaux lat\u00e9raux -  Ensemble conducteur plus passager&rdquo; a fost ad\u0103ugat \u00een co\u0219\" role=\"button\">Adaug\u0103 \u00een co\u0219<\/a><\/div>\t<span id=\"woocommerce_loop_add_to_cart_link_describedby_5869\" class=\"screen-reader-text\">\n\t\t\t<\/span>\n<\/div><!-- \/.price-add-to-cart --><div class=\"hover-area\"><div class=\"action-buttons\"><\/div><\/div><\/div><!-- \/.product-loop-footer --><\/div><!-- \/.product-inner --><\/div><!-- \/.product-outer --><\/li>\n<li class=\"product type-product post-5872 status-publish instock product_cat-produits-disponibles product_cat-rideaux-de-cabine-camion-sur-mesure-en-alcantara has-post-thumbnail sale shipping-taxable purchasable product-type-simple\">\n\t<div class=\"product-outer product-item__outer\"><div class=\"product-inner product-item__inner\"><div class=\"product-loop-header product-item__header\"><span class=\"loop-product-categories\"><a href=\"https:\/\/tapisrideauxcamions.fr\/ro\/product-category\/produits-disponibles\/\" rel=\"tag\">Produits en stock<\/a>, <a href=\"https:\/\/tapisrideauxcamions.fr\/ro\/product-category\/rideaux-de-cabine-camion-sur-mesure-en-alcantara\/\" rel=\"tag\">Rideaux de cabine camion sur mesure en alcantara<\/a><\/span><a href=\"https:\/\/tapisrideauxcamions.fr\/ro\/product\/rideaux-lateraux-en-alcantara-sur-mesure-camion-cabine-rouge\/\" class=\"woocommerce-LoopProduct-link woocommerce-loop-product__link\"><h2 class=\"woocommerce-loop-product__title\">Rideaux lat\u00e9raux-Ensemble conducteur plus passager<\/h2><div class=\"product-thumbnail product-item__thumbnail\"><img loading=\"lazy\" decoding=\"async\" width=\"300\" height=\"300\" src=\"https:\/\/tapisrideauxcamions.fr\/wp-content\/uploads\/2026\/02\/Rideaux-lateraux-rouges-300x300.jpg?v=1771250685\" class=\"attachment-woocommerce_thumbnail size-woocommerce_thumbnail\" alt=\"Rideaux lat\u00e9raux-Ensemble conducteur plus passager\" srcset=\"https:\/\/tapisrideauxcamions.fr\/wp-content\/uploads\/2026\/02\/Rideaux-lateraux-rouges-300x300.jpg?v=1771250685 300w, https:\/\/tapisrideauxcamions.fr\/wp-content\/uploads\/2026\/02\/Rideaux-lateraux-rouges-150x150.jpg?v=1771250685 150w, https:\/\/tapisrideauxcamions.fr\/wp-content\/uploads\/2026\/02\/Rideaux-lateraux-rouges-100x100.jpg?v=1771250685 100w\" sizes=\"(max-width: 300px) 100vw, 300px\" \/><\/div><\/a><\/div><!-- \/.product-loop-header --><div class=\"product-loop-body product-item__body\"><span class=\"loop-product-categories\"><a href=\"https:\/\/tapisrideauxcamions.fr\/ro\/product-category\/produits-disponibles\/\" rel=\"tag\">Produits en stock<\/a>, <a href=\"https:\/\/tapisrideauxcamions.fr\/ro\/product-category\/rideaux-de-cabine-camion-sur-mesure-en-alcantara\/\" rel=\"tag\">Rideaux de cabine camion sur mesure en alcantara<\/a><\/span><a href=\"https:\/\/tapisrideauxcamions.fr\/ro\/product\/rideaux-lateraux-en-alcantara-sur-mesure-camion-cabine-rouge\/\" class=\"woocommerce-LoopProduct-link woocommerce-loop-product__link\"><h2 class=\"woocommerce-loop-product__title\">Rideaux lat\u00e9raux-Ensemble conducteur plus passager<\/h2>\t\t<div class=\"product-rating\">\n\t\t\t<div class=\"star-rating\" title=\"Rated 0 out of 5\"><span style=\"width:0%\"><strong class=\"rating\">0<\/strong> out of 5<\/span><\/div> (0)\n\t\t<\/div>\n\t\t\t\t<div class=\"product-sku\">SKU: n\/a<\/div><\/a><\/div><!-- \/.product-loop-body --><div class=\"product-loop-footer product-item__footer\"><div class=\"price-add-to-cart\">\n\t<span class=\"price\"><span class=\"electro-price\"><ins><span class=\"woocommerce-Price-amount amount\"><bdi>100,00&nbsp;<span class=\"woocommerce-Price-currencySymbol\">&euro;<\/span><\/bdi><\/span><\/ins> <del><span class=\"woocommerce-Price-amount amount\"><bdi>120,00&nbsp;<span class=\"woocommerce-Price-currencySymbol\">&euro;<\/span><\/bdi><\/span><\/del><\/span><\/span>\n<div class=\"add-to-cart-wrap show-in-mobile\" data-bs-toggle=\"tooltip\" data-bs-title=\"Adaug\u0103 \u00een co\u0219\"><a href=\"\/ro\/wp-json\/wp\/v2\/pages\/5120?add-to-cart=5872\" aria-describedby=\"woocommerce_loop_add_to_cart_link_describedby_5872\" data-quantity=\"1\" class=\"button product_type_simple add_to_cart_button ajax_add_to_cart\" data-product_id=\"5872\" data-product_sku=\"\" aria-label=\"Adaug\u0103 \u00een co\u0219: &amp;lbquo;Rideaux lat\u00e9raux-Ensemble conducteur plus passager&rdquo;\" rel=\"nofollow\" data-success_message=\"&bdquo;Rideaux lat\u00e9raux-Ensemble conducteur plus passager&rdquo; a fost ad\u0103ugat \u00een co\u0219\" role=\"button\">Adaug\u0103 \u00een co\u0219<\/a><\/div>\t<span id=\"woocommerce_loop_add_to_cart_link_describedby_5872\" class=\"screen-reader-text\">\n\t\t\t<\/span>\n<\/div><!-- \/.price-add-to-cart --><div class=\"hover-area\"><div class=\"action-buttons\"><\/div><\/div><\/div><!-- \/.product-loop-footer --><\/div><!-- \/.product-inner --><\/div><!-- \/.product-outer --><\/li>\n<li class=\"product type-product post-5774 status-publish instock product_cat-produits-disponibles product_cat-tapis-de-sol-sur-mesure-en-similicuir has-post-thumbnail sale sold-individually shipping-taxable purchasable product-type-simple\">\n\t<div class=\"product-outer product-item__outer\"><div class=\"product-inner product-item__inner\"><div class=\"product-loop-header product-item__header\"><span class=\"loop-product-categories\"><a href=\"https:\/\/tapisrideauxcamions.fr\/ro\/product-category\/produits-disponibles\/\" rel=\"tag\">Produits en stock<\/a>, <a href=\"https:\/\/tapisrideauxcamions.fr\/ro\/product-category\/tapis-de-sol-sur-mesure-en-similicuir\/\" rel=\"tag\">Tapis de sol sur mesure en similicuir<\/a><\/span><a href=\"https:\/\/tapisrideauxcamions.fr\/ro\/product\/tapis-de-sol-en-similicuir-sur-mesure-camion-cabine-mercedes-actros-plancher-plat-ensemble-complet\/\" class=\"woocommerce-LoopProduct-link woocommerce-loop-product__link\"><h2 class=\"woocommerce-loop-product__title\">Tapis de Sol en similicuir sur mesure &#8211; Mercedes ACTROS &#8211; Ensemble complet<\/h2><div class=\"product-thumbnail product-item__thumbnail\"><img loading=\"lazy\" decoding=\"async\" width=\"300\" height=\"300\" src=\"https:\/\/tapisrideauxcamions.fr\/wp-content\/uploads\/2026\/02\/set-covoare-maro-Mercedes-300x300.jpg\" class=\"attachment-woocommerce_thumbnail size-woocommerce_thumbnail\" alt=\"Tapis de Sol en similicuir sur mesure - Mercedes ACTROS - Ensemble complet\" srcset=\"https:\/\/tapisrideauxcamions.fr\/wp-content\/uploads\/2026\/02\/set-covoare-maro-Mercedes-300x300.jpg 300w, https:\/\/tapisrideauxcamions.fr\/wp-content\/uploads\/2026\/02\/set-covoare-maro-Mercedes-150x150.jpg 150w, https:\/\/tapisrideauxcamions.fr\/wp-content\/uploads\/2026\/02\/set-covoare-maro-Mercedes-100x100.jpg 100w\" sizes=\"(max-width: 300px) 100vw, 300px\" \/><\/div><\/a><\/div><!-- \/.product-loop-header --><div class=\"product-loop-body product-item__body\"><span class=\"loop-product-categories\"><a href=\"https:\/\/tapisrideauxcamions.fr\/ro\/product-category\/produits-disponibles\/\" rel=\"tag\">Produits en stock<\/a>, <a href=\"https:\/\/tapisrideauxcamions.fr\/ro\/product-category\/tapis-de-sol-sur-mesure-en-similicuir\/\" rel=\"tag\">Tapis de sol sur mesure en similicuir<\/a><\/span><a href=\"https:\/\/tapisrideauxcamions.fr\/ro\/product\/tapis-de-sol-en-similicuir-sur-mesure-camion-cabine-mercedes-actros-plancher-plat-ensemble-complet\/\" class=\"woocommerce-LoopProduct-link woocommerce-loop-product__link\"><h2 class=\"woocommerce-loop-product__title\">Tapis de Sol en similicuir sur mesure &#8211; Mercedes ACTROS &#8211; Ensemble complet<\/h2>\t\t<div class=\"product-rating\">\n\t\t\t<div class=\"star-rating\" title=\"Rated 0 out of 5\"><span style=\"width:0%\"><strong class=\"rating\">0<\/strong> out of 5<\/span><\/div> (0)\n\t\t<\/div>\n\t\t\t\t<div class=\"product-short-description\">\n\t\t\t<p>Tapis de sol en similicuir r\u00e9sistant, compatible avec MERCEDES ACTROS MP4 MP5 PLANCHER PLAT . Disponible en stock \/ 1 PIECE<\/p>\n\t\t<\/div>\n\t\t\t\t<div class=\"product-sku\">SKU: n\/a<\/div><\/a><\/div><!-- \/.product-loop-body --><div class=\"product-loop-footer product-item__footer\"><div class=\"price-add-to-cart\">\n\t<span class=\"price\"><span class=\"electro-price\"><ins><span class=\"woocommerce-Price-amount amount\"><bdi>170,00&nbsp;<span class=\"woocommerce-Price-currencySymbol\">&euro;<\/span><\/bdi><\/span><\/ins> <del><span class=\"woocommerce-Price-amount amount\"><bdi>180,00&nbsp;<span class=\"woocommerce-Price-currencySymbol\">&euro;<\/span><\/bdi><\/span><\/del><\/span><\/span>\n<div class=\"add-to-cart-wrap show-in-mobile\" data-bs-toggle=\"tooltip\" data-bs-title=\"Adaug\u0103 \u00een co\u0219\"><a href=\"\/ro\/wp-json\/wp\/v2\/pages\/5120?add-to-cart=5774\" aria-describedby=\"woocommerce_loop_add_to_cart_link_describedby_5774\" data-quantity=\"1\" class=\"button product_type_simple add_to_cart_button ajax_add_to_cart\" data-product_id=\"5774\" data-product_sku=\"\" aria-label=\"Adaug\u0103 \u00een co\u0219: &amp;lbquo;Tapis de Sol en similicuir sur mesure - Mercedes ACTROS - Ensemble complet&rdquo;\" rel=\"nofollow\" data-success_message=\"&bdquo;Tapis de Sol en similicuir sur mesure - Mercedes ACTROS - Ensemble complet&rdquo; a fost ad\u0103ugat \u00een co\u0219\" role=\"button\">Adaug\u0103 \u00een co\u0219<\/a><\/div>\t<span id=\"woocommerce_loop_add_to_cart_link_describedby_5774\" class=\"screen-reader-text\">\n\t\t\t<\/span>\n<\/div><!-- \/.price-add-to-cart --><div class=\"hover-area\"><div class=\"action-buttons\"><\/div><\/div><\/div><!-- \/.product-loop-footer --><\/div><!-- \/.product-inner --><\/div><!-- \/.product-outer --><\/li>\n<li class=\"product type-product post-6988 status-publish last instock product_cat-produits-disponibles product_cat-tapis-de-sol-sur-mesure-en-similicuir has-post-thumbnail sale sold-individually shipping-taxable purchasable product-type-simple\">\n\t<div class=\"product-outer product-item__outer\"><div class=\"product-inner product-item__inner\"><div class=\"product-loop-header product-item__header\"><span class=\"loop-product-categories\"><a href=\"https:\/\/tapisrideauxcamions.fr\/ro\/product-category\/produits-disponibles\/\" rel=\"tag\">Produits en stock<\/a>, <a href=\"https:\/\/tapisrideauxcamions.fr\/ro\/product-category\/tapis-de-sol-sur-mesure-en-similicuir\/\" rel=\"tag\">Tapis de sol sur mesure en similicuir<\/a><\/span><a href=\"https:\/\/tapisrideauxcamions.fr\/ro\/product\/tapis-de-sol-en-similicuir-sur-mesure-renault-t-plancher-plat-ensemble-complet\/\" class=\"woocommerce-LoopProduct-link woocommerce-loop-product__link\"><h2 class=\"woocommerce-loop-product__title\">Tapis de Sol en similicuir sur mesure &#8211; RENAULT plancher plat- Ensemble complet<\/h2><div class=\"product-thumbnail product-item__thumbnail\"><img loading=\"lazy\" decoding=\"async\" width=\"300\" height=\"300\" src=\"https:\/\/tapisrideauxcamions.fr\/wp-content\/uploads\/2026\/03\/DSCN9170-300x300.jpg\" class=\"attachment-woocommerce_thumbnail size-woocommerce_thumbnail\" alt=\"Tapis de sol en similicuir bleu pour Renault T plancher plat\" srcset=\"https:\/\/tapisrideauxcamions.fr\/wp-content\/uploads\/2026\/03\/DSCN9170-300x300.jpg 300w, https:\/\/tapisrideauxcamions.fr\/wp-content\/uploads\/2026\/03\/DSCN9170-150x150.jpg 150w, https:\/\/tapisrideauxcamions.fr\/wp-content\/uploads\/2026\/03\/DSCN9170-100x100.jpg 100w\" sizes=\"(max-width: 300px) 100vw, 300px\" \/><\/div><\/a><\/div><!-- \/.product-loop-header --><div class=\"product-loop-body product-item__body\"><span class=\"loop-product-categories\"><a href=\"https:\/\/tapisrideauxcamions.fr\/ro\/product-category\/produits-disponibles\/\" rel=\"tag\">Produits en stock<\/a>, <a href=\"https:\/\/tapisrideauxcamions.fr\/ro\/product-category\/tapis-de-sol-sur-mesure-en-similicuir\/\" rel=\"tag\">Tapis de sol sur mesure en similicuir<\/a><\/span><a href=\"https:\/\/tapisrideauxcamions.fr\/ro\/product\/tapis-de-sol-en-similicuir-sur-mesure-renault-t-plancher-plat-ensemble-complet\/\" class=\"woocommerce-LoopProduct-link woocommerce-loop-product__link\"><h2 class=\"woocommerce-loop-product__title\">Tapis de Sol en similicuir sur mesure &#8211; RENAULT plancher plat- Ensemble complet<\/h2>\t\t<div class=\"product-rating\">\n\t\t\t<div class=\"star-rating\" title=\"Rated 0 out of 5\"><span style=\"width:0%\"><strong class=\"rating\">0<\/strong> out of 5<\/span><\/div> (0)\n\t\t<\/div>\n\t\t\t\t<div class=\"product-short-description\">\n\t\t\t<p>Disponible en stock<\/p>\n\t\t<\/div>\n\t\t\t\t<div class=\"product-sku\">SKU: n\/a<\/div><\/a><\/div><!-- \/.product-loop-body --><div class=\"product-loop-footer product-item__footer\"><div class=\"price-add-to-cart\">\n\t<span class=\"price\"><span class=\"electro-price\"><ins><span class=\"woocommerce-Price-amount amount\"><bdi>150,00&nbsp;<span class=\"woocommerce-Price-currencySymbol\">&euro;<\/span><\/bdi><\/span><\/ins> <del><span class=\"woocommerce-Price-amount amount\"><bdi>180,00&nbsp;<span class=\"woocommerce-Price-currencySymbol\">&euro;<\/span><\/bdi><\/span><\/del><\/span><\/span>\n<div class=\"add-to-cart-wrap show-in-mobile\" data-bs-toggle=\"tooltip\" data-bs-title=\"Adaug\u0103 \u00een co\u0219\"><a href=\"\/ro\/wp-json\/wp\/v2\/pages\/5120?add-to-cart=6988\" aria-describedby=\"woocommerce_loop_add_to_cart_link_describedby_6988\" data-quantity=\"1\" class=\"button product_type_simple add_to_cart_button ajax_add_to_cart\" data-product_id=\"6988\" data-product_sku=\"\" aria-label=\"Adaug\u0103 \u00een co\u0219: &amp;lbquo;Tapis de Sol en similicuir sur mesure - RENAULT plancher plat- Ensemble complet&rdquo;\" rel=\"nofollow\" data-success_message=\"&bdquo;Tapis de Sol en similicuir sur mesure - RENAULT plancher plat- Ensemble complet&rdquo; a fost ad\u0103ugat \u00een co\u0219\" role=\"button\">Adaug\u0103 \u00een co\u0219<\/a><\/div>\t<span id=\"woocommerce_loop_add_to_cart_link_describedby_6988\" class=\"screen-reader-text\">\n\t\t\t<\/span>\n<\/div><!-- \/.price-add-to-cart --><div class=\"hover-area\"><div class=\"action-buttons\"><\/div><\/div><\/div><!-- \/.product-loop-footer --><\/div><!-- \/.product-inner --><\/div><!-- \/.product-outer --><\/li>\n<li class=\"product type-product post-6985 status-publish first instock product_cat-produits-disponibles product_cat-tapis-de-sol-sur-mesure-en-similicuir has-post-thumbnail sale sold-individually shipping-taxable purchasable product-type-simple\">\n\t<div class=\"product-outer product-item__outer\"><div class=\"product-inner product-item__inner\"><div class=\"product-loop-header product-item__header\"><span class=\"loop-product-categories\"><a href=\"https:\/\/tapisrideauxcamions.fr\/ro\/product-category\/produits-disponibles\/\" rel=\"tag\">Produits en stock<\/a>, <a href=\"https:\/\/tapisrideauxcamions.fr\/ro\/product-category\/tapis-de-sol-sur-mesure-en-similicuir\/\" rel=\"tag\">Tapis de sol sur mesure en similicuir<\/a><\/span><a href=\"https:\/\/tapisrideauxcamions.fr\/ro\/product\/tapis-de-sol-en-similicuir-sur-mesure-renault-t-plancher-haut-ensemble-complet\/\" class=\"woocommerce-LoopProduct-link woocommerce-loop-product__link\"><h2 class=\"woocommerce-loop-product__title\">Tapis de Sol en similicuir sur mesure &#8211; RENAULT T avec tunnel moteur- Ensemble complet<\/h2><div class=\"product-thumbnail product-item__thumbnail\"><img loading=\"lazy\" decoding=\"async\" width=\"300\" height=\"300\" src=\"https:\/\/tapisrideauxcamions.fr\/wp-content\/uploads\/2026\/03\/DSCN9164-300x300.jpg\" class=\"attachment-woocommerce_thumbnail size-woocommerce_thumbnail\" alt=\"Tapis de sol en similicuir cr\u00e8me pour Renault T plancher haut\" srcset=\"https:\/\/tapisrideauxcamions.fr\/wp-content\/uploads\/2026\/03\/DSCN9164-300x300.jpg 300w, https:\/\/tapisrideauxcamions.fr\/wp-content\/uploads\/2026\/03\/DSCN9164-150x150.jpg 150w, https:\/\/tapisrideauxcamions.fr\/wp-content\/uploads\/2026\/03\/DSCN9164-100x100.jpg 100w\" sizes=\"(max-width: 300px) 100vw, 300px\" \/><\/div><\/a><\/div><!-- \/.product-loop-header --><div class=\"product-loop-body product-item__body\"><span class=\"loop-product-categories\"><a href=\"https:\/\/tapisrideauxcamions.fr\/ro\/product-category\/produits-disponibles\/\" rel=\"tag\">Produits en stock<\/a>, <a href=\"https:\/\/tapisrideauxcamions.fr\/ro\/product-category\/tapis-de-sol-sur-mesure-en-similicuir\/\" rel=\"tag\">Tapis de sol sur mesure en similicuir<\/a><\/span><a href=\"https:\/\/tapisrideauxcamions.fr\/ro\/product\/tapis-de-sol-en-similicuir-sur-mesure-renault-t-plancher-haut-ensemble-complet\/\" class=\"woocommerce-LoopProduct-link woocommerce-loop-product__link\"><h2 class=\"woocommerce-loop-product__title\">Tapis de Sol en similicuir sur mesure &#8211; RENAULT T avec tunnel moteur- Ensemble complet<\/h2>\t\t<div class=\"product-rating\">\n\t\t\t<div class=\"star-rating\" title=\"Rated 0 out of 5\"><span style=\"width:0%\"><strong class=\"rating\">0<\/strong> out of 5<\/span><\/div> (0)\n\t\t<\/div>\n\t\t\t\t<div class=\"product-short-description\">\n\t\t\t<p>Disponible en stock, compatible Renault T\u00a0 plancher haut ( tunnel moteur)<\/p>\n\t\t<\/div>\n\t\t\t\t<div class=\"product-sku\">SKU: n\/a<\/div><\/a><\/div><!-- \/.product-loop-body --><div class=\"product-loop-footer product-item__footer\"><div class=\"price-add-to-cart\">\n\t<span class=\"price\"><span class=\"electro-price\"><ins><span class=\"woocommerce-Price-amount amount\"><bdi>150,00&nbsp;<span class=\"woocommerce-Price-currencySymbol\">&euro;<\/span><\/bdi><\/span><\/ins> <del><span class=\"woocommerce-Price-amount amount\"><bdi>180,00&nbsp;<span class=\"woocommerce-Price-currencySymbol\">&euro;<\/span><\/bdi><\/span><\/del><\/span><\/span>\n<div class=\"add-to-cart-wrap show-in-mobile\" data-bs-toggle=\"tooltip\" data-bs-title=\"Adaug\u0103 \u00een co\u0219\"><a href=\"\/ro\/wp-json\/wp\/v2\/pages\/5120?add-to-cart=6985\" aria-describedby=\"woocommerce_loop_add_to_cart_link_describedby_6985\" data-quantity=\"1\" class=\"button product_type_simple add_to_cart_button ajax_add_to_cart\" data-product_id=\"6985\" data-product_sku=\"\" aria-label=\"Adaug\u0103 \u00een co\u0219: &amp;lbquo;Tapis de Sol en similicuir sur mesure - RENAULT T avec tunnel moteur- Ensemble complet&rdquo;\" rel=\"nofollow\" data-success_message=\"&bdquo;Tapis de Sol en similicuir sur mesure - RENAULT T avec tunnel moteur- Ensemble complet&rdquo; a fost ad\u0103ugat \u00een co\u0219\" role=\"button\">Adaug\u0103 \u00een co\u0219<\/a><\/div>\t<span id=\"woocommerce_loop_add_to_cart_link_describedby_6985\" class=\"screen-reader-text\">\n\t\t\t<\/span>\n<\/div><!-- \/.price-add-to-cart --><div class=\"hover-area\"><div class=\"action-buttons\"><\/div><\/div><\/div><!-- \/.product-loop-footer --><\/div><!-- \/.product-inner --><\/div><!-- \/.product-outer --><\/li>\n<li class=\"product type-product post-6996 status-publish instock product_cat-produits-disponibles product_cat-tapis-de-sol-sur-mesure-en-similicuir has-post-thumbnail sale sold-individually shipping-taxable purchasable product-type-simple\">\n\t<div class=\"product-outer product-item__outer\"><div class=\"product-inner product-item__inner\"><div class=\"product-loop-header product-item__header\"><span class=\"loop-product-categories\"><a href=\"https:\/\/tapisrideauxcamions.fr\/ro\/product-category\/produits-disponibles\/\" rel=\"tag\">Produits en stock<\/a>, <a href=\"https:\/\/tapisrideauxcamions.fr\/ro\/product-category\/tapis-de-sol-sur-mesure-en-similicuir\/\" rel=\"tag\">Tapis de sol sur mesure en similicuir<\/a><\/span><a href=\"https:\/\/tapisrideauxcamions.fr\/ro\/product\/tapis-de-sol-en-similicuir-sur-mesure-daf-xf-ensemble-complet\/\" class=\"woocommerce-LoopProduct-link woocommerce-loop-product__link\"><h2 class=\"woocommerce-loop-product__title\">Tapis de Sol en similicuir sur mesure -DAF XF &#8211; Ensemble complet<\/h2><div class=\"product-thumbnail product-item__thumbnail\"><img loading=\"lazy\" decoding=\"async\" width=\"300\" height=\"300\" src=\"https:\/\/tapisrideauxcamions.fr\/wp-content\/uploads\/2026\/03\/20240120_163927-300x300.jpg\" class=\"attachment-woocommerce_thumbnail size-woocommerce_thumbnail\" alt=\"tapis de sol en similicuir marron Daf\" srcset=\"https:\/\/tapisrideauxcamions.fr\/wp-content\/uploads\/2026\/03\/20240120_163927-300x300.jpg 300w, https:\/\/tapisrideauxcamions.fr\/wp-content\/uploads\/2026\/03\/20240120_163927-1024x1024.jpg 1024w, https:\/\/tapisrideauxcamions.fr\/wp-content\/uploads\/2026\/03\/20240120_163927-150x150.jpg 150w, https:\/\/tapisrideauxcamions.fr\/wp-content\/uploads\/2026\/03\/20240120_163927-768x768.jpg 768w, https:\/\/tapisrideauxcamions.fr\/wp-content\/uploads\/2026\/03\/20240120_163927-1536x1536.jpg 1536w, https:\/\/tapisrideauxcamions.fr\/wp-content\/uploads\/2026\/03\/20240120_163927-2048x2048.jpg 2048w, https:\/\/tapisrideauxcamions.fr\/wp-content\/uploads\/2026\/03\/20240120_163927-12x12.jpg 12w, https:\/\/tapisrideauxcamions.fr\/wp-content\/uploads\/2026\/03\/20240120_163927-600x600.jpg 600w, https:\/\/tapisrideauxcamions.fr\/wp-content\/uploads\/2026\/03\/20240120_163927-100x100.jpg 100w\" sizes=\"(max-width: 300px) 100vw, 300px\" \/><\/div><\/a><\/div><!-- \/.product-loop-header --><div class=\"product-loop-body product-item__body\"><span class=\"loop-product-categories\"><a href=\"https:\/\/tapisrideauxcamions.fr\/ro\/product-category\/produits-disponibles\/\" rel=\"tag\">Produits en stock<\/a>, <a href=\"https:\/\/tapisrideauxcamions.fr\/ro\/product-category\/tapis-de-sol-sur-mesure-en-similicuir\/\" rel=\"tag\">Tapis de sol sur mesure en similicuir<\/a><\/span><a href=\"https:\/\/tapisrideauxcamions.fr\/ro\/product\/tapis-de-sol-en-similicuir-sur-mesure-daf-xf-ensemble-complet\/\" class=\"woocommerce-LoopProduct-link woocommerce-loop-product__link\"><h2 class=\"woocommerce-loop-product__title\">Tapis de Sol en similicuir sur mesure -DAF XF &#8211; Ensemble complet<\/h2>\t\t<div class=\"product-rating\">\n\t\t\t<div class=\"star-rating\" title=\"Rated 0 out of 5\"><span style=\"width:0%\"><strong class=\"rating\">0<\/strong> out of 5<\/span><\/div> (0)\n\t\t<\/div>\n\t\t\t\t<div class=\"product-short-description\">\n\t\t\t<p>Disponible en stock<\/p>\n\t\t<\/div>\n\t\t\t\t<div class=\"product-sku\">SKU: n\/a<\/div><\/a><\/div><!-- \/.product-loop-body --><div class=\"product-loop-footer product-item__footer\"><div class=\"price-add-to-cart\">\n\t<span class=\"price\"><span class=\"electro-price\"><ins><span class=\"woocommerce-Price-amount amount\"><bdi>140,00&nbsp;<span class=\"woocommerce-Price-currencySymbol\">&euro;<\/span><\/bdi><\/span><\/ins> <del><span class=\"woocommerce-Price-amount amount\"><bdi>180,00&nbsp;<span class=\"woocommerce-Price-currencySymbol\">&euro;<\/span><\/bdi><\/span><\/del><\/span><\/span>\n<div class=\"add-to-cart-wrap show-in-mobile\" data-bs-toggle=\"tooltip\" data-bs-title=\"Adaug\u0103 \u00een co\u0219\"><a href=\"\/ro\/wp-json\/wp\/v2\/pages\/5120?add-to-cart=6996\" aria-describedby=\"woocommerce_loop_add_to_cart_link_describedby_6996\" data-quantity=\"1\" class=\"button product_type_simple add_to_cart_button ajax_add_to_cart\" data-product_id=\"6996\" data-product_sku=\"\" aria-label=\"Adaug\u0103 \u00een co\u0219: &amp;lbquo;Tapis de Sol en similicuir sur mesure -DAF XF - Ensemble complet&rdquo;\" rel=\"nofollow\" data-success_message=\"&bdquo;Tapis de Sol en similicuir sur mesure -DAF XF - Ensemble complet&rdquo; a fost ad\u0103ugat \u00een co\u0219\" role=\"button\">Adaug\u0103 \u00een co\u0219<\/a><\/div>\t<span id=\"woocommerce_loop_add_to_cart_link_describedby_6996\" class=\"screen-reader-text\">\n\t\t\t<\/span>\n<\/div><!-- \/.price-add-to-cart --><div class=\"hover-area\"><div class=\"action-buttons\"><\/div><\/div><\/div><!-- \/.product-loop-footer --><\/div><!-- \/.product-inner --><\/div><!-- \/.product-outer --><\/li>\n<li class=\"product type-product post-6993 status-publish instock product_cat-produits-disponibles product_cat-tapis-de-sol-sur-mesure-en-similicuir has-post-thumbnail sale sold-individually shipping-taxable purchasable product-type-simple\">\n\t<div class=\"product-outer product-item__outer\"><div class=\"product-inner product-item__inner\"><div class=\"product-loop-header product-item__header\"><span class=\"loop-product-categories\"><a href=\"https:\/\/tapisrideauxcamions.fr\/ro\/product-category\/produits-disponibles\/\" rel=\"tag\">Produits en stock<\/a>, <a href=\"https:\/\/tapisrideauxcamions.fr\/ro\/product-category\/tapis-de-sol-sur-mesure-en-similicuir\/\" rel=\"tag\">Tapis de sol sur mesure en similicuir<\/a><\/span><a href=\"https:\/\/tapisrideauxcamions.fr\/ro\/product\/tapis-de-sol-en-similicuir-sur-mesure-man-tgx-ensemble-complet-2-tiroirs\/\" class=\"woocommerce-LoopProduct-link woocommerce-loop-product__link\"><h2 class=\"woocommerce-loop-product__title\">Tapis de Sol en similicuir sur mesure -MAN TGX &#8211; Ensemble complet (2 tiroirs)<\/h2><div class=\"product-thumbnail product-item__thumbnail\"><img loading=\"lazy\" decoding=\"async\" width=\"300\" height=\"300\" src=\"https:\/\/tapisrideauxcamions.fr\/wp-content\/uploads\/2026\/03\/DSCN9167-300x300.jpg\" class=\"attachment-woocommerce_thumbnail size-woocommerce_thumbnail\" alt=\"tapis de sol en similicuir cr\u00e8me Man TGX deux tiroirs centrale\" srcset=\"https:\/\/tapisrideauxcamions.fr\/wp-content\/uploads\/2026\/03\/DSCN9167-300x300.jpg 300w, https:\/\/tapisrideauxcamions.fr\/wp-content\/uploads\/2026\/03\/DSCN9167-150x150.jpg 150w, https:\/\/tapisrideauxcamions.fr\/wp-content\/uploads\/2026\/03\/DSCN9167-100x100.jpg 100w\" sizes=\"(max-width: 300px) 100vw, 300px\" \/><\/div><\/a><\/div><!-- \/.product-loop-header --><div class=\"product-loop-body product-item__body\"><span class=\"loop-product-categories\"><a href=\"https:\/\/tapisrideauxcamions.fr\/ro\/product-category\/produits-disponibles\/\" rel=\"tag\">Produits en stock<\/a>, <a href=\"https:\/\/tapisrideauxcamions.fr\/ro\/product-category\/tapis-de-sol-sur-mesure-en-similicuir\/\" rel=\"tag\">Tapis de sol sur mesure en similicuir<\/a><\/span><a href=\"https:\/\/tapisrideauxcamions.fr\/ro\/product\/tapis-de-sol-en-similicuir-sur-mesure-man-tgx-ensemble-complet-2-tiroirs\/\" class=\"woocommerce-LoopProduct-link woocommerce-loop-product__link\"><h2 class=\"woocommerce-loop-product__title\">Tapis de Sol en similicuir sur mesure -MAN TGX &#8211; Ensemble complet (2 tiroirs)<\/h2>\t\t<div class=\"product-rating\">\n\t\t\t<div class=\"star-rating\" title=\"Rated 0 out of 5\"><span style=\"width:0%\"><strong class=\"rating\">0<\/strong> out of 5<\/span><\/div> (0)\n\t\t<\/div>\n\t\t\t\t<div class=\"product-short-description\">\n\t\t\t<p>Disponible en stock<\/p>\n\t\t<\/div>\n\t\t\t\t<div class=\"product-sku\">SKU: n\/a<\/div><\/a><\/div><!-- \/.product-loop-body --><div class=\"product-loop-footer product-item__footer\"><div class=\"price-add-to-cart\">\n\t<span class=\"price\"><span class=\"electro-price\"><ins><span class=\"woocommerce-Price-amount amount\"><bdi>140,00&nbsp;<span class=\"woocommerce-Price-currencySymbol\">&euro;<\/span><\/bdi><\/span><\/ins> <del><span class=\"woocommerce-Price-amount amount\"><bdi>180,00&nbsp;<span class=\"woocommerce-Price-currencySymbol\">&euro;<\/span><\/bdi><\/span><\/del><\/span><\/span>\n<div class=\"add-to-cart-wrap show-in-mobile\" data-bs-toggle=\"tooltip\" data-bs-title=\"Adaug\u0103 \u00een co\u0219\"><a href=\"\/ro\/wp-json\/wp\/v2\/pages\/5120?add-to-cart=6993\" aria-describedby=\"woocommerce_loop_add_to_cart_link_describedby_6993\" data-quantity=\"1\" class=\"button product_type_simple add_to_cart_button ajax_add_to_cart\" data-product_id=\"6993\" data-product_sku=\"\" aria-label=\"Adaug\u0103 \u00een co\u0219: &amp;lbquo;Tapis de Sol en similicuir sur mesure -MAN TGX - Ensemble complet (2 tiroirs)&rdquo;\" rel=\"nofollow\" data-success_message=\"&bdquo;Tapis de Sol en similicuir sur mesure -MAN TGX - Ensemble complet (2 tiroirs)&rdquo; a fost ad\u0103ugat \u00een co\u0219\" role=\"button\">Adaug\u0103 \u00een co\u0219<\/a><\/div>\t<span id=\"woocommerce_loop_add_to_cart_link_describedby_6993\" class=\"screen-reader-text\">\n\t\t\t<\/span>\n<\/div><!-- \/.price-add-to-cart --><div class=\"hover-area\"><div class=\"action-buttons\"><\/div><\/div><\/div><!-- \/.product-loop-footer --><\/div><!-- \/.product-inner --><\/div><!-- \/.product-outer --><\/li>\n<li class=\"product type-product post-7003 status-publish last instock product_cat-produits-disponibles product_cat-tapis-de-sol-sur-mesure-en-similicuir has-post-thumbnail sale sold-individually shipping-taxable purchasable product-type-simple\">\n\t<div class=\"product-outer product-item__outer\"><div class=\"product-inner product-item__inner\"><div class=\"product-loop-header product-item__header\"><span class=\"loop-product-categories\"><a href=\"https:\/\/tapisrideauxcamions.fr\/ro\/product-category\/produits-disponibles\/\" rel=\"tag\">Produits en stock<\/a>, <a href=\"https:\/\/tapisrideauxcamions.fr\/ro\/product-category\/tapis-de-sol-sur-mesure-en-similicuir\/\" rel=\"tag\">Tapis de sol sur mesure en similicuir<\/a><\/span><a href=\"https:\/\/tapisrideauxcamions.fr\/ro\/product\/tapis-de-sol-similicuir-sur-mesure-mercedes-actros-plancher-haut-ensemble-complet\/\" class=\"woocommerce-LoopProduct-link woocommerce-loop-product__link\"><h2 class=\"woocommerce-loop-product__title\">Tapis de Sol en similicuir sur mesure -MERCEDES ACTROS plancher haut- Ensemble complet<\/h2><div class=\"product-thumbnail product-item__thumbnail\"><img loading=\"lazy\" decoding=\"async\" width=\"300\" height=\"300\" src=\"https:\/\/tapisrideauxcamions.fr\/wp-content\/uploads\/2026\/03\/DSCN9161-300x300.jpg\" class=\"attachment-woocommerce_thumbnail size-woocommerce_thumbnail\" alt=\"tapis de sol en simili cuir marron Mercedes Actros plancher haut\" srcset=\"https:\/\/tapisrideauxcamions.fr\/wp-content\/uploads\/2026\/03\/DSCN9161-300x300.jpg 300w, https:\/\/tapisrideauxcamions.fr\/wp-content\/uploads\/2026\/03\/DSCN9161-150x150.jpg 150w, https:\/\/tapisrideauxcamions.fr\/wp-content\/uploads\/2026\/03\/DSCN9161-100x100.jpg 100w\" sizes=\"(max-width: 300px) 100vw, 300px\" \/><\/div><\/a><\/div><!-- \/.product-loop-header --><div class=\"product-loop-body product-item__body\"><span class=\"loop-product-categories\"><a href=\"https:\/\/tapisrideauxcamions.fr\/ro\/product-category\/produits-disponibles\/\" rel=\"tag\">Produits en stock<\/a>, <a href=\"https:\/\/tapisrideauxcamions.fr\/ro\/product-category\/tapis-de-sol-sur-mesure-en-similicuir\/\" rel=\"tag\">Tapis de sol sur mesure en similicuir<\/a><\/span><a href=\"https:\/\/tapisrideauxcamions.fr\/ro\/product\/tapis-de-sol-similicuir-sur-mesure-mercedes-actros-plancher-haut-ensemble-complet\/\" class=\"woocommerce-LoopProduct-link woocommerce-loop-product__link\"><h2 class=\"woocommerce-loop-product__title\">Tapis de Sol en similicuir sur mesure -MERCEDES ACTROS plancher haut- Ensemble complet<\/h2>\t\t<div class=\"product-rating\">\n\t\t\t<div class=\"star-rating\" title=\"Rated 0 out of 5\"><span style=\"width:0%\"><strong class=\"rating\">0<\/strong> out of 5<\/span><\/div> (0)\n\t\t<\/div>\n\t\t\t\t<div class=\"product-short-description\">\n\t\t\t<p>Disponible en stock<\/p>\n\t\t<\/div>\n\t\t\t\t<div class=\"product-sku\">SKU: n\/a<\/div><\/a><\/div><!-- \/.product-loop-body --><div class=\"product-loop-footer product-item__footer\"><div class=\"price-add-to-cart\">\n\t<span class=\"price\"><span class=\"electro-price\"><ins><span class=\"woocommerce-Price-amount amount\"><bdi>170,00&nbsp;<span class=\"woocommerce-Price-currencySymbol\">&euro;<\/span><\/bdi><\/span><\/ins> <del><span class=\"woocommerce-Price-amount amount\"><bdi>180,00&nbsp;<span class=\"woocommerce-Price-currencySymbol\">&euro;<\/span><\/bdi><\/span><\/del><\/span><\/span>\n<div class=\"add-to-cart-wrap show-in-mobile\" data-bs-toggle=\"tooltip\" data-bs-title=\"Adaug\u0103 \u00een co\u0219\"><a href=\"\/ro\/wp-json\/wp\/v2\/pages\/5120?add-to-cart=7003\" aria-describedby=\"woocommerce_loop_add_to_cart_link_describedby_7003\" data-quantity=\"1\" class=\"button product_type_simple add_to_cart_button ajax_add_to_cart\" data-product_id=\"7003\" data-product_sku=\"\" aria-label=\"Adaug\u0103 \u00een co\u0219: &amp;lbquo;Tapis de Sol en similicuir sur mesure -MERCEDES ACTROS plancher haut- Ensemble complet&rdquo;\" rel=\"nofollow\" data-success_message=\"&bdquo;Tapis de Sol en similicuir sur mesure -MERCEDES ACTROS plancher haut- Ensemble complet&rdquo; a fost ad\u0103ugat \u00een co\u0219\" role=\"button\">Adaug\u0103 \u00een co\u0219<\/a><\/div>\t<span id=\"woocommerce_loop_add_to_cart_link_describedby_7003\" class=\"screen-reader-text\">\n\t\t\t<\/span>\n<\/div><!-- \/.price-add-to-cart --><div class=\"hover-area\"><div class=\"action-buttons\"><\/div><\/div><\/div><!-- \/.product-loop-footer --><\/div><!-- \/.product-inner --><\/div><!-- \/.product-outer --><\/li>\n<li class=\"product type-product post-7000 status-publish first instock product_cat-produits-disponibles product_cat-tapis-de-sol-sur-mesure-en-similicuir has-post-thumbnail sale sold-individually shipping-taxable purchasable product-type-simple\">\n\t<div class=\"product-outer product-item__outer\"><div class=\"product-inner product-item__inner\"><div class=\"product-loop-header product-item__header\"><span class=\"loop-product-categories\"><a href=\"https:\/\/tapisrideauxcamions.fr\/ro\/product-category\/produits-disponibles\/\" rel=\"tag\">Produits en stock<\/a>, <a href=\"https:\/\/tapisrideauxcamions.fr\/ro\/product-category\/tapis-de-sol-sur-mesure-en-similicuir\/\" rel=\"tag\">Tapis de sol sur mesure en similicuir<\/a><\/span><a href=\"https:\/\/tapisrideauxcamions.fr\/ro\/product\/tapis-de-sol-similicuir-sur-mesure-scania-ensemble-complet\/\" class=\"woocommerce-LoopProduct-link woocommerce-loop-product__link\"><h2 class=\"woocommerce-loop-product__title\">Tapis de Sol en similicuir sur mesure -SCANIA &#8211; Ensemble complet<\/h2><div class=\"product-thumbnail product-item__thumbnail\"><img loading=\"lazy\" decoding=\"async\" width=\"300\" height=\"300\" src=\"https:\/\/tapisrideauxcamions.fr\/wp-content\/uploads\/2026\/03\/DSCN9175-300x300.jpg\" class=\"attachment-woocommerce_thumbnail size-woocommerce_thumbnail\" alt=\"tapis de sol en similicuir creme Scania\" srcset=\"https:\/\/tapisrideauxcamions.fr\/wp-content\/uploads\/2026\/03\/DSCN9175-300x300.jpg 300w, https:\/\/tapisrideauxcamions.fr\/wp-content\/uploads\/2026\/03\/DSCN9175-150x150.jpg 150w, https:\/\/tapisrideauxcamions.fr\/wp-content\/uploads\/2026\/03\/DSCN9175-100x100.jpg 100w\" sizes=\"(max-width: 300px) 100vw, 300px\" \/><\/div><\/a><\/div><!-- \/.product-loop-header --><div class=\"product-loop-body product-item__body\"><span class=\"loop-product-categories\"><a href=\"https:\/\/tapisrideauxcamions.fr\/ro\/product-category\/produits-disponibles\/\" rel=\"tag\">Produits en stock<\/a>, <a href=\"https:\/\/tapisrideauxcamions.fr\/ro\/product-category\/tapis-de-sol-sur-mesure-en-similicuir\/\" rel=\"tag\">Tapis de sol sur mesure en similicuir<\/a><\/span><a href=\"https:\/\/tapisrideauxcamions.fr\/ro\/product\/tapis-de-sol-similicuir-sur-mesure-scania-ensemble-complet\/\" class=\"woocommerce-LoopProduct-link woocommerce-loop-product__link\"><h2 class=\"woocommerce-loop-product__title\">Tapis de Sol en similicuir sur mesure -SCANIA &#8211; Ensemble complet<\/h2>\t\t<div class=\"product-rating\">\n\t\t\t<div class=\"star-rating\" title=\"Rated 0 out of 5\"><span style=\"width:0%\"><strong class=\"rating\">0<\/strong> out of 5<\/span><\/div> (0)\n\t\t<\/div>\n\t\t\t\t<div class=\"product-short-description\">\n\t\t\t<p>Disponible en stock<\/p>\n\t\t<\/div>\n\t\t\t\t<div class=\"product-sku\">SKU: n\/a<\/div><\/a><\/div><!-- \/.product-loop-body --><div class=\"product-loop-footer product-item__footer\"><div class=\"price-add-to-cart\">\n\t<span class=\"price\"><span class=\"electro-price\"><ins><span class=\"woocommerce-Price-amount amount\"><bdi>150,00&nbsp;<span class=\"woocommerce-Price-currencySymbol\">&euro;<\/span><\/bdi><\/span><\/ins> <del><span class=\"woocommerce-Price-amount amount\"><bdi>180,00&nbsp;<span class=\"woocommerce-Price-currencySymbol\">&euro;<\/span><\/bdi><\/span><\/del><\/span><\/span>\n<div class=\"add-to-cart-wrap show-in-mobile\" data-bs-toggle=\"tooltip\" data-bs-title=\"Adaug\u0103 \u00een co\u0219\"><a href=\"\/ro\/wp-json\/wp\/v2\/pages\/5120?add-to-cart=7000\" aria-describedby=\"woocommerce_loop_add_to_cart_link_describedby_7000\" data-quantity=\"1\" class=\"button product_type_simple add_to_cart_button ajax_add_to_cart\" data-product_id=\"7000\" data-product_sku=\"\" aria-label=\"Adaug\u0103 \u00een co\u0219: &amp;lbquo;Tapis de Sol en similicuir sur mesure -SCANIA - Ensemble complet&rdquo;\" rel=\"nofollow\" data-success_message=\"&bdquo;Tapis de Sol en similicuir sur mesure -SCANIA - Ensemble complet&rdquo; a fost ad\u0103ugat \u00een co\u0219\" role=\"button\">Adaug\u0103 \u00een co\u0219<\/a><\/div>\t<span id=\"woocommerce_loop_add_to_cart_link_describedby_7000\" class=\"screen-reader-text\">\n\t\t\t<\/span>\n<\/div><!-- \/.price-add-to-cart --><div class=\"hover-area\"><div class=\"action-buttons\"><\/div><\/div><\/div><!-- \/.product-loop-footer --><\/div><!-- \/.product-inner --><\/div><!-- \/.product-outer --><\/li>\n<li class=\"product type-product post-6990 status-publish instock product_cat-produits-disponibles product_cat-tapis-de-sol-sur-mesure-en-similicuir has-post-thumbnail sale sold-individually shipping-taxable purchasable product-type-simple\">\n\t<div class=\"product-outer product-item__outer\"><div class=\"product-inner product-item__inner\"><div class=\"product-loop-header product-item__header\"><span class=\"loop-product-categories\"><a href=\"https:\/\/tapisrideauxcamions.fr\/ro\/product-category\/produits-disponibles\/\" rel=\"tag\">Produits en stock<\/a>, <a href=\"https:\/\/tapisrideauxcamions.fr\/ro\/product-category\/tapis-de-sol-sur-mesure-en-similicuir\/\" rel=\"tag\">Tapis de sol sur mesure en similicuir<\/a><\/span><a href=\"https:\/\/tapisrideauxcamions.fr\/ro\/product\/tapis-de-sol-en-similicuir-sur-mesure-volvo-fh-ensemble-complet\/\" class=\"woocommerce-LoopProduct-link woocommerce-loop-product__link\"><h2 class=\"woocommerce-loop-product__title\">Tapis de Sol en similicuir sur mesure -VOLVO FH- Ensemble complet<\/h2><div class=\"product-thumbnail product-item__thumbnail\"><img loading=\"lazy\" decoding=\"async\" width=\"300\" height=\"300\" src=\"https:\/\/tapisrideauxcamions.fr\/wp-content\/uploads\/2026\/03\/20240120_170357-300x300.jpg\" class=\"attachment-woocommerce_thumbnail size-woocommerce_thumbnail\" alt=\"tapis de sol en similicuir bordeaux pour Volvo FH\" srcset=\"https:\/\/tapisrideauxcamions.fr\/wp-content\/uploads\/2026\/03\/20240120_170357-300x300.jpg 300w, https:\/\/tapisrideauxcamions.fr\/wp-content\/uploads\/2026\/03\/20240120_170357-1024x1024.jpg 1024w, https:\/\/tapisrideauxcamions.fr\/wp-content\/uploads\/2026\/03\/20240120_170357-150x150.jpg 150w, https:\/\/tapisrideauxcamions.fr\/wp-content\/uploads\/2026\/03\/20240120_170357-768x768.jpg 768w, https:\/\/tapisrideauxcamions.fr\/wp-content\/uploads\/2026\/03\/20240120_170357-1536x1536.jpg 1536w, https:\/\/tapisrideauxcamions.fr\/wp-content\/uploads\/2026\/03\/20240120_170357-2048x2048.jpg 2048w, https:\/\/tapisrideauxcamions.fr\/wp-content\/uploads\/2026\/03\/20240120_170357-12x12.jpg 12w, https:\/\/tapisrideauxcamions.fr\/wp-content\/uploads\/2026\/03\/20240120_170357-600x600.jpg 600w, https:\/\/tapisrideauxcamions.fr\/wp-content\/uploads\/2026\/03\/20240120_170357-100x100.jpg 100w\" sizes=\"(max-width: 300px) 100vw, 300px\" \/><\/div><\/a><\/div><!-- \/.product-loop-header --><div class=\"product-loop-body product-item__body\"><span class=\"loop-product-categories\"><a href=\"https:\/\/tapisrideauxcamions.fr\/ro\/product-category\/produits-disponibles\/\" rel=\"tag\">Produits en stock<\/a>, <a href=\"https:\/\/tapisrideauxcamions.fr\/ro\/product-category\/tapis-de-sol-sur-mesure-en-similicuir\/\" rel=\"tag\">Tapis de sol sur mesure en similicuir<\/a><\/span><a href=\"https:\/\/tapisrideauxcamions.fr\/ro\/product\/tapis-de-sol-en-similicuir-sur-mesure-volvo-fh-ensemble-complet\/\" class=\"woocommerce-LoopProduct-link woocommerce-loop-product__link\"><h2 class=\"woocommerce-loop-product__title\">Tapis de Sol en similicuir sur mesure -VOLVO FH- Ensemble complet<\/h2>\t\t<div class=\"product-rating\">\n\t\t\t<div class=\"star-rating\" title=\"Rated 0 out of 5\"><span style=\"width:0%\"><strong class=\"rating\">0<\/strong> out of 5<\/span><\/div> (0)\n\t\t<\/div>\n\t\t\t\t<div class=\"product-short-description\">\n\t\t\t<p>Disponible en stock<\/p>\n\t\t<\/div>\n\t\t\t\t<div class=\"product-sku\">SKU: n\/a<\/div><\/a><\/div><!-- \/.product-loop-body --><div class=\"product-loop-footer product-item__footer\"><div class=\"price-add-to-cart\">\n\t<span class=\"price\"><span class=\"electro-price\"><ins><span class=\"woocommerce-Price-amount amount\"><bdi>140,00&nbsp;<span class=\"woocommerce-Price-currencySymbol\">&euro;<\/span><\/bdi><\/span><\/ins> <del><span class=\"woocommerce-Price-amount amount\"><bdi>180,00&nbsp;<span class=\"woocommerce-Price-currencySymbol\">&euro;<\/span><\/bdi><\/span><\/del><\/span><\/span>\n<div class=\"add-to-cart-wrap show-in-mobile\" data-bs-toggle=\"tooltip\" data-bs-title=\"Adaug\u0103 \u00een co\u0219\"><a href=\"\/ro\/wp-json\/wp\/v2\/pages\/5120?add-to-cart=6990\" aria-describedby=\"woocommerce_loop_add_to_cart_link_describedby_6990\" data-quantity=\"1\" class=\"button product_type_simple add_to_cart_button ajax_add_to_cart\" data-product_id=\"6990\" data-product_sku=\"\" aria-label=\"Adaug\u0103 \u00een co\u0219: &amp;lbquo;Tapis de Sol en similicuir sur mesure -VOLVO FH- Ensemble complet&rdquo;\" rel=\"nofollow\" data-success_message=\"&bdquo;Tapis de Sol en similicuir sur mesure -VOLVO FH- Ensemble complet&rdquo; a fost ad\u0103ugat \u00een co\u0219\" role=\"button\">Adaug\u0103 \u00een co\u0219<\/a><\/div>\t<span id=\"woocommerce_loop_add_to_cart_link_describedby_6990\" class=\"screen-reader-text\">\n\t\t\t<\/span>\n<\/div><!-- \/.price-add-to-cart --><div class=\"hover-area\"><div class=\"action-buttons\"><\/div><\/div><\/div><!-- \/.product-loop-footer --><\/div><!-- \/.product-inner --><\/div><!-- \/.product-outer --><\/li>\n<\/ul>\n<\/div><\/div>\n\t\t\t\t\t\t<\/div>\n\t\t\t\t\t<\/div>\n\t\t\t\t<\/div>\n\t\t\t\t<\/div>\n\t\t","protected":false},"excerpt":{"rendered":"<p>Sp\u00e9cialiste de l&#8217;Int\u00e9rieur Camion : Tapis , Housses en Similicuir et Rideaux en Alcantara sur Mesure Votre projet, notre priorit\u00e9. Habillez votre cabine avec \u00e9l\u00e9gance et confort. Nos produits sur<\/p>","protected":false},"author":1,"featured_media":0,"parent":0,"menu_order":0,"comment_status":"closed","ping_status":"closed","template":"elementor_header_footer","meta":{"footnotes":""},"class_list":["post-5120","page","type-page","status-publish","hentry"],"_links":{"self":[{"href":"https:\/\/tapisrideauxcamions.fr\/ro\/wp-json\/wp\/v2\/pages\/5120","targetHints":{"allow":["GET"]}}],"collection":[{"href":"https:\/\/tapisrideauxcamions.fr\/ro\/wp-json\/wp\/v2\/pages"}],"about":[{"href":"https:\/\/tapisrideauxcamions.fr\/ro\/wp-json\/wp\/v2\/types\/page"}],"author":[{"embeddable":true,"href":"https:\/\/tapisrideauxcamions.fr\/ro\/wp-json\/wp\/v2\/users\/1"}],"replies":[{"embeddable":true,"href":"https:\/\/tapisrideauxcamions.fr\/ro\/wp-json\/wp\/v2\/comments?post=5120"}],"version-history":[{"count":5,"href":"https:\/\/tapisrideauxcamions.fr\/ro\/wp-json\/wp\/v2\/pages\/5120\/revisions"}],"predecessor-version":[{"id":7043,"href":"https:\/\/tapisrideauxcamions.fr\/ro\/wp-json\/wp\/v2\/pages\/5120\/revisions\/7043"}],"wp:attachment":[{"href":"https:\/\/tapisrideauxcamions.fr\/ro\/wp-json\/wp\/v2\/media?parent=5120"}],"curies":[{"name":"wp","href":"https:\/\/api.w.org\/{rel}","templated":true}]}}